{"id":8237,"date":"2020-08-11T10:27:20","date_gmt":"2020-08-11T10:27:20","guid":{"rendered":"http:\/\/www.atelierles.sk\/?page_id=8237"},"modified":"2026-02-05T11:41:38","modified_gmt":"2026-02-05T10:41:38","slug":"o-nas","status":"publish","type":"page","link":"https:\/\/www.atelierles.sk\/index.php\/o-nas\/","title":{"rendered":"O n\u00e1s"},"content":{"rendered":"<h1 class=\"western\" align=\"center\"><span style=\"font-family: Adobe Caslon Pro, serif;\"><span style=\"font-size: large;\"><b>Manifest Ateli\u00e9ru LES<\/b><\/span><\/span><\/h1>\n<p class=\"western\" align=\"center\"><a name=\"_hvzpmpyxdn7q\"><\/a><\/p>\n<p class=\"western\" align=\"center\"><a name=\"_qejdp6tnm801\"><\/a> \u201e<span style=\"font-family: Adobe Caslon Pro, serif;\"><span style=\"font-size: medium;\">Nech s\u00fa v\u0161etky deti \u0161\u0165astn\u00e9 a v radosti spozn\u00e1vaj\u00fa svet.\u201c<\/span><\/span><\/p>\n<p class=\"western\" align=\"center\"><a name=\"_dzi30wlzajr\"><\/a> \u201e<span style=\"font-family: Adobe Caslon Pro, serif;\"><span style=\"font-size: medium;\">To \u010do n\u00e1s sp\u00e1ja, je silnej\u0161ie a v\u00e4\u010d\u0161ie ako to \u010do n\u00e1s del\u00ed.\u201c<\/span><\/span><\/p>\n<p class=\"western\"><a name=\"_mua8fx5yabva\"><\/a><\/p>\n<p class=\"western\"><a name=\"_4hvipd627zqq\"><\/a> <span style=\"font-family: Adobe Caslon Pro, serif;\"><span style=\"font-size: medium;\">Ateli\u00e9r LES vznikol z iniciat\u00edvy n\u00e1s \u2013 rodi\u010dov, preto\u017ee sme chceli vytvori\u0165 pre na\u0161e deti, priestor, kde by mohli slobodne a zdravo r\u00e1s\u0165.<\/span><\/span><\/p>\n<p class=\"western\" align=\"justify\"><span style=\"font-family: Adobe Caslon Pro, serif;\"><span style=\"font-size: medium;\">V roku 2014 sme zalo\u017eili Lesn\u00fd klub Ateli\u00e9r LES pre deti pred\u0161kolsk\u00e9ho veku a nesk\u00f4r aj vzdel\u00e1vaciu skupinu pre prv\u00fd stupe\u0148 z\u00e1kladn\u00fdch \u0161k\u00f4l: \u0160kolu slobodn\u00e9ho u\u010denia Ateli\u00e9r LES. N\u00e1sledne v roku 2019 vznikla tvorivo vzdel\u00e1vacia skupina \u017dITO pre deti druh\u00e9ho stup\u0148a z\u00e1kladn\u00fdch \u0161k\u00f4l. Od 1.9.2025 sa \u0160kola slobodn\u00e9ho u\u010denia Ateli\u00e9r LES zmenila vstupom do siete na S\u00fakromn\u00fa z\u00e1kladn\u00fa \u0161kolu Ateli\u00e9r so s\u00eddlom v Petr\u017ealke. Zastre\u0161uje deti od 1. po 4. triedu Z\u0160. V\u0161etky na\u0161e aktivity zastre\u0161uje ob\u010dianske zdru\u017eenie Ateli\u00e9r 33 a zdru\u017eenie fyzick\u00fdch os\u00f4b Kamar\u00e1ti Ateli\u00e9ru les.<\/span><\/span><\/p>\n<p class=\"western\" align=\"justify\"><a name=\"_o7bk36asc95h\"><\/a> <span style=\"font-family: Adobe Caslon Pro, serif;\"><span style=\"font-size: medium;\">Uvedomujeme si prirodzen\u00fa chu\u0165 det\u00ed pozn\u00e1va\u0165 svet a st\u00e1vame sa ich in\u0161pirat\u00edvnymi sprievodcami. Prirodzen\u00fdm sp\u00f4sobom podnecujeme v de\u0165och tvoriv\u00e9 a u ka\u017ed\u00e9ho jedine\u010dn\u00e9 sebavyjadrenie a podporujeme \u0161irok\u00fd rozvoj osobnosti die\u0165a\u0165a.<\/span><\/span><\/p>\n<p class=\"western\" align=\"justify\"><a name=\"_mx0a81kmdvim\"><\/a> <span style=\"font-family: Adobe Caslon Pro, serif;\"><span style=\"font-size: medium;\">Uvedomujeme si, \u017ee deti sa najlep\u0161ie u\u010dia prostredn\u00edctvom z\u00e1\u017eitku a interakcie a vlastn\u00fdch praktick\u00fdch sk\u00fasenost\u00ed a tomu prisp\u00f4sobujeme v\u00fdchovn\u00fd proces. Rovnako, ako na poskytnut\u00ed \u010do najlep\u0161\u00edch podmienok pre pozn\u00e1vanie vonkaj\u0161ieho sveta, n\u00e1m z\u00e1le\u017e\u00ed na poznan\u00ed ich vn\u00fatorn\u00e9ho pre\u017e\u00edvania. Na rozv\u00edjan\u00ed ich emocion\u00e1lnej inteligencie, pr\u00e1ce s pocitmi a podporovan\u00ed prosoci\u00e1lneho spr\u00e1vania, \u010do pova\u017eujeme za v\u00fdznamn\u00e9 aspekty k v\u00fdchove vyrovnan\u00fdch, \u0161\u0165astn\u00fdch \u013eud\u00ed.<\/span><\/span><\/p>\n<p class=\"western\" align=\"justify\"><a name=\"_vw6h7j6uq153\"><\/a> <span style=\"font-family: Adobe Caslon Pro, serif;\"><span style=\"font-size: medium;\">V\u00fdznamn\u00fdm aspektom je zrelos\u0165 a vn\u00fatorn\u00e1 sloboda sprievodcu a u\u010dite\u013ea. Nie je pre n\u00e1s d\u00f4le\u017eit\u00e1 dokonalos\u0165, ale snaha by\u0165 najlep\u0161\u00edm, ako m\u00f4\u017eem by\u0165 a chu\u0165 u\u010di\u0165 sa, rozv\u00edja\u0165 sa a by\u0165 st\u00e1le viac autentick\u00fdm \u010dlovekom. Najd\u00f4le\u017eitej\u0161ia je l\u00e1ska a rados\u0165 k svojej pr\u00e1ci, k de\u0165om a k \u017eivotu, preto\u017ee, v takej atmosf\u00e9re s\u00fa deti jednoducho radi a prirodzene nas\u00e1vaj\u00fa v\u0161etko potrebn\u00e9.<\/span><\/span><\/p>\n<p class=\"western\" align=\"justify\"><a name=\"_tslpqj8ihog9\"><\/a> <span style=\"font-family: Adobe Caslon Pro, serif;\"><span style=\"font-size: medium;\">Toto v\u0161etko je v\u0161ak mo\u017en\u00e9 len s absol\u00fatnou podporou rodi\u010dov, v na\u0161ej \u00fazkej spolupr\u00e1ci a s odovzdan\u00edm d\u00f4very pedag\u00f3gom. <\/span><\/span><span style=\"font-family: Adobe Caslon Pro, serif;\"><span style=\"font-size: medium;\">K\u013e\u00fa\u010dov\u00fdm je pre n\u00e1s vz\u00e1jomn\u00e9 spozn\u00e1vanie sa a mo\u017enos\u0165 prep\u00e1jania oboch svetov.<\/span><\/span><\/p>\n<p class=\"western\" align=\"justify\"><a name=\"_pxu9old9k0jj\"><\/a> <span style=\"font-family: Adobe Caslon Pro, serif;\"><span style=\"font-size: medium;\">Les je s\u00fa\u010das\u0165ou n\u00e1\u0161ho ka\u017edodenn\u00e9ho \u017eivota. Sme deti mesta a c\u00edtime sp\u00e4tos\u0165 s pr\u00edrodou, u\u010d\u00edme deti re\u0161pektu k sebe navz\u00e1jom a l\u00e1ske k \u017eiv\u00e9mu svetu okolo. Pr\u00edroda je mocn\u00e1 \u010darodejka a my vieme, \u017ee n\u00e1m d\u00e1 v\u017edy to, \u010do potrebujeme. V ur\u010ditom obdob\u00ed v\u00fdvinu die\u0165a\u0165a sa st\u00e1va k\u013e\u00fa\u010dov\u00fdm prostred\u00edm pre v\u00fdvin a pozn\u00e1vanie sveta aj seba. U\u010d\u00edme deti, \u017ee aj ke\u010f \u017eijeme v meste, ka\u017ed\u00e1 cesti\u010dka vedie do lesa, ak chceme.<\/span><\/span><\/p>\n<p class=\"western\" align=\"justify\"><a name=\"_ilitozar35zm\"><\/a> <span style=\"font-family: Adobe Caslon Pro, serif;\"><span style=\"font-size: medium;\">Pre deti z Lesn\u00e9ho klubu je z\u00e1zemie v bl\u00edzkosti lesa a dlhodob\u00fd ka\u017edodenn\u00fd pobyt v pr\u00edrode z\u00e1sadn\u00fdm prvkom pre ich v\u00fdvin, pre pozn\u00e1vanie sveta a seba. <\/span><\/span><\/p>\n<p class=\"western\" align=\"justify\"><a name=\"_ge5c2qpl9atw\"><\/a> <span style=\"font-family: Adobe Caslon Pro, serif;\"><span style=\"font-size: medium;\">Pre deti druh\u00e9ho stup\u0148a sa st\u00e1va z\u00e1zem\u00edm prostredie viac mestsk\u00e9 \u2013 prostredie Novej Cvernovky, z\u00e1rove\u0148 st\u00e1le silno v spojen\u00ed s pr\u00edrodou. Prostredie, kde napojenie na \u017eiv\u00fd organizmus diania okolo a mo\u017enos\u0165 za\u017ei\u0165 re\u00e1lny \u017eivot dospel\u00fdch pri \u010dinnosti, ktorej sa venuj\u00fa naplno a s rados\u0165ou, zv\u00e4\u010d\u0161uje r\u00e1dius z\u00e1\u017eitkov a pozn\u00e1vania, a z\u00e1rove\u0148 napojenie na pr\u00edrodu st\u00e1le zost\u00e1va \u2013 ve\u013ek\u00e1 z\u00e1hrada (mo\u017enos\u0165 starostlivosti o vlastn\u00fa \u010das\u0165 z\u00e1hrady), bl\u00edzkos\u0165 vinohradov a lesa, exped\u00edcie do okolitej aj vzdialenej\u0161ej pr\u00edrody.<\/span><\/span><\/p>\n<p class=\"western\" align=\"justify\"><span style=\"font-family: Adobe Caslon Pro, serif;\"><span style=\"font-size: medium;\">Z\u00e1zem\u00edm Lesn\u00e9ho klubu Ateli\u00e9r LES je priestor v dom\u010deku bl\u00edzko \u017deleznej studni\u010dky.<\/span><\/span><\/p>\n<p><span style=\"font-size: medium;\">SZ\u0160 Ateli\u00e9r m\u00e1 svoje priestory na Be\u0148adickej 38 v Petr\u017ealke, odkia\u013e deti chodia za z\u00e1\u017eitkami do okolia i vzdialenej\u0161\u00edch lokal\u00edt.<\/span><\/p>\n<p class=\"western\" align=\"justify\"><span style=\"font-family: Adobe Caslon Pro, serif;\"><span style=\"font-size: medium;\">Z\u00e1zem\u00edm pre tvorivo vzdel\u00e1vaciu skupinu \u017dITO &#8211; deti druh\u00e9ho stup\u0148a \u2013 je Nov\u00e1 Cvernovka na Ra\u010dianskej ulici.<\/span><\/span><\/p>\n<p class=\"western\"><a name=\"_grud7a9jx8vl\"><\/a> <span style=\"font-family: Adobe Caslon Pro, serif;\"><span style=\"font-size: medium;\"><b>\u010co n\u00e1s sp\u00e1ja:<\/b><\/span><\/span><\/p>\n<p class=\"western\"><a name=\"_x8mw56rz7cb\"><\/a> <span style=\"font-family: Adobe Caslon Pro, serif;\"><span style=\"font-size: medium;\">L\u00e1ska k lesu &#8211; Pr\u00edrodn\u00e1 pedagogika, z\u00e1\u017eitkov\u00e9 u\u010denie.<\/span><\/span><\/p>\n<p class=\"western\"><a name=\"_5n503l6shn02\"><\/a> <span style=\"font-family: Adobe Caslon Pro, serif;\"><span style=\"font-size: medium;\">L\u00e1ska k de\u0165om <\/span><\/span><\/p>\n<p class=\"western\"><a name=\"_y6kbw1e5dlx5\"><\/a> <span style=\"font-family: Adobe Caslon Pro, serif;\"><span style=\"font-size: medium;\">L\u00e1ska k umeniu \u2013 ako sp\u00f4sobu kultiv\u00e1cie a rozvoja \u013eudsk\u00e9ho ducha<\/span><\/span><\/p>\n<p class=\"western\"><span style=\"font-family: Adobe Caslon Pro, serif;\"><span style=\"font-size: medium;\">Vedomie, \u017ee die\u0165a je samostatn\u00e1 bytos\u0165, ktor\u00e1 prich\u00e1dza na tento svet so svojim vlastn\u00fdm poslan\u00edm, potenci\u00e1lom. By\u0165 die\u0165a\u0165u sprievodcom v\u00a0naplnen\u00ed jeho vlastn\u00e9ho potenci\u00e1lu.<\/span><\/span><\/p>\n<p class=\"western\"><a name=\"_yv059z2kwkk6\"><\/a><a name=\"_u9x6pp2igbt3\"><\/a> <span style=\"font-family: Adobe Caslon Pro, serif;\"><span style=\"font-size: medium;\">Vedomie, \u017ee sa v\u0161etci ka\u017ed\u00fd de\u0148 u\u010d\u00edme nie\u010do nov\u00e9 a rastieme spolu s de\u0165mi.<\/span><\/span><\/p>\n<p class=\"western\"><a name=\"_wawhexmjlf6c\"><\/a> <span style=\"font-family: Adobe Caslon Pro, serif;\"><span style=\"font-size: medium;\"><b>Z \u010doho \u010derp\u00e1me:<\/b><\/span><\/span><\/p>\n<p class=\"western\"><a name=\"_xvdzn2j9p9p\"><\/a><a name=\"_y14uyfhq7jwt\"><\/a> <span style=\"font-family: Adobe Caslon Pro, serif;\"><span style=\"font-size: medium;\">Pr\u00edrodn\u00e1 pedagogika, Intuit\u00edvna pedagogika, Waldorfsk\u00e1 pedagogika, princ\u00edpy Montessori pedagogiky<\/span><\/span><\/p>\n<p class=\"western\" align=\"justify\"><span style=\"font-family: Adobe Caslon Pro, serif;\"><span style=\"font-size: medium;\">S\u00fa\u010das\u0165ou pr\u00edstupu je pre n\u00e1s aj <strong>kvalitn\u00e1 strava<\/strong>, vz\u0165ah k jedlu, znalosti o p\u00f4vode surov\u00edn, ktor\u00e9 pou\u017e\u00edvame a konzumujeme. K tak\u00e9muto pr\u00edstupu vedieme aj deti, aby jedlo bolo darom a nie samozrejmos\u0165ou.<\/span><\/span><\/p>\n<p class=\"western\" align=\"justify\"><span style=\"font-family: Adobe Caslon Pro, serif;\"><span style=\"font-size: medium;\">Ateli\u00e9r LES je \u010dlenom Asoci\u00e1cie Detsk\u00fdch Lesn\u00fdch Klubov na Slovensku (ADLK) a tie\u017e \u010dlenom \u010ceskej Asociace Lesn\u00edch M\u0160 (ALM\u0160).<\/span><\/span><\/p>\n","protected":false},"excerpt":{"rendered":"<p>Manifest Ateli\u00e9ru LES \u201eNech s\u00fa v\u0161etky deti \u0161\u0165astn\u00e9 a v radosti spozn\u00e1vaj\u00fa svet.\u201c \u201eTo \u010do n\u00e1s sp\u00e1ja, je silnej\u0161ie a v\u00e4\u010d\u0161ie ako to \u010do n\u00e1s del\u00ed.\u201c Ateli\u00e9r LES vznikol z iniciat\u00edvy n\u00e1s \u2013 rodi\u010dov, preto\u017ee sme chceli vytvori\u0165 pre na\u0161e deti, priestor, kde by mohli slobodne a zdravo r\u00e1s\u0165. V roku 2014 sme zalo\u017eili Lesn\u00fd &hellip; <a href=\"https:\/\/www.atelierles.sk\/index.php\/o-nas\/\" class=\"more-link\">Continue reading <span class=\"screen-reader-text\">O n\u00e1s<\/span><\/a><\/p>\n","protected":false},"author":2,"featured_media":0,"parent":0,"menu_order":0,"comment_status":"closed","ping_status":"closed","template":"","meta":{"footnotes":""},"class_list":["post-8237","page","type-page","status-publish","hentry"],"_links":{"self":[{"href":"https:\/\/www.atelierles.sk\/index.php\/wp-json\/wp\/v2\/pages\/8237","targetHints":{"allow":["GET"]}}],"collection":[{"href":"https:\/\/www.atelierles.sk\/index.php\/wp-json\/wp\/v2\/pages"}],"about":[{"href":"https:\/\/www.atelierles.sk\/index.php\/wp-json\/wp\/v2\/types\/page"}],"author":[{"embeddable":true,"href":"https:\/\/www.atelierles.sk\/index.php\/wp-json\/wp\/v2\/users\/2"}],"replies":[{"embeddable":true,"href":"https:\/\/www.atelierles.sk\/index.php\/wp-json\/wp\/v2\/comments?post=8237"}],"version-history":[{"count":12,"href":"https:\/\/www.atelierles.sk\/index.php\/wp-json\/wp\/v2\/pages\/8237\/revisions"}],"predecessor-version":[{"id":8633,"href":"https:\/\/www.atelierles.sk\/index.php\/wp-json\/wp\/v2\/pages\/8237\/revisions\/8633"}],"wp:attachment":[{"href":"https:\/\/www.atelierles.sk\/index.php\/wp-json\/wp\/v2\/media?parent=8237"}],"curies":[{"name":"wp","href":"https:\/\/api.w.org\/{rel}","templated":true}]}}