{"id":8253,"date":"2020-08-11T10:53:43","date_gmt":"2020-08-11T10:53:43","guid":{"rendered":"http:\/\/www.atelierles.sk\/?page_id=8253"},"modified":"2026-04-28T11:02:44","modified_gmt":"2026-04-28T09:02:44","slug":"ucitelia-v-lesnom-klube","status":"publish","type":"page","link":"https:\/\/www.atelierles.sk\/index.php\/ucitelia-v-lesnom-klube\/","title":{"rendered":"Sprievodcovia v Lesnom klube"},"content":{"rendered":"<p><strong>Danka Ja\u0161kov\u00e1<\/strong><br \/>\nhlavn\u00fd pedag\u00f3g\/sprievodca skupiny Volaviek<\/p>\n<p style=\"text-align: justify;\">&#8230;vy\u0161tudovala som Lie\u010debn\u00fa pedagogiku so zameran\u00edm na terapiu hrou, rodinn\u00fa terapiu a arteterapiu, v ktorej som sa \u010falej vzdel\u00e1vala i po\u010das postgradu\u00e1lneho \u0161t\u00fadia. Takmer 8 rokov som pracovala v Montessori \u0161kole, kde som z\u00edskala bohat\u00fa prax v oblasti alternat\u00edvnej pedagogiky, re\u0161pektuj\u00facej komunik\u00e1cie, individu\u00e1lneho pr\u00edstupu, n\u00e1zornosti, alebo tvoriv\u00e9ho a kritick\u00e9ho myslenia.<br \/>\n&#8230;k de\u0165om pristupujem vn\u00edmaj\u00fac ich potreby, jedine\u010dnos\u0165, spont\u00e1nnos\u0165 a \u010distotu, s d\u00f4razom na ich vn\u00fatorn\u00fd potenci\u00e1l, slobodu a samostatnos\u0165, s cie\u013eom rozv\u00edja\u0165 ich seba\u00factu a l\u00e1sku k \u017eivotu.<br \/>\n&#8230;m\u00e1m rada umenie, pr\u00edrodu, pohyb, cestovanie a kult\u00faru. \u010casto ma m\u00f4\u017eete stretn\u00fa\u0165 t\u00fala\u0165 sa lesom (vo dne i v noci) d\u00fdcha\u0165 \u010derstv\u00fd vzduch. Ve\u013emi ma te\u0161\u00ed zaklada\u0165 ohe\u0148 kresadlom \u2013 nau\u010dila som sa to len ned\u00e1vno, no tr\u00e9nujem intenz\u00edvne. Tvor\u00edm \u0161perky \u010di \u00fa\u017eitkov\u00e9 predmety z recyklovan\u00fdch materi\u00e1lov. V mojej kni\u017enici n\u00e1jdete mno\u017estvo star\u00fdch kn\u00edh s n\u00e1dhern\u00fdmi ilustr\u00e1ciami. Milujem chv\u00edle str\u00e1ven\u00e9 s bl\u00edzkymi a priate\u013emi. Bav\u00ed ma spozn\u00e1va\u0165 in\u0161pirat\u00edvnych \u013eud\u00ed a objavova\u0165 nov\u00e9 veci.<br \/>\n&#8230;v Ateli\u00e9ri LES zastre\u0161ujem pred\u0161kolsk\u00fa pr\u00edpravu, ktor\u00e1 je zameran\u00e1 na pozit\u00edvny vz\u0165ah die\u0165a\u0165a k u\u010deniu sa cez vn\u00fatorn\u00fa motiv\u00e1ciu, n\u00e1zornos\u0165 a praktick\u00fa sk\u00fasenos\u0165.<\/p>\n<p><a href=\"http:\/\/www.atelierles.sk\/wp-content\/uploads\/2018\/03\/P_20170817_113537_BF_1.jpg\" rel=\"attachment wp-att-8038\"><img loading=\"lazy\" decoding=\"async\" class=\"size-large wp-image-8038\" src=\"http:\/\/www.atelierles.sk\/wp-content\/uploads\/2018\/03\/P_20170817_113537_BF_1-768x1024.jpg\" alt=\"Jpeg\" width=\"702\" height=\"936\" srcset=\"https:\/\/www.atelierles.sk\/wp-content\/uploads\/2018\/03\/P_20170817_113537_BF_1-768x1024.jpg 768w, https:\/\/www.atelierles.sk\/wp-content\/uploads\/2018\/03\/P_20170817_113537_BF_1-225x300.jpg 225w, https:\/\/www.atelierles.sk\/wp-content\/uploads\/2018\/03\/P_20170817_113537_BF_1.jpg 1200w\" sizes=\"auto, (max-width: 702px) 100vw, 702px\" \/><\/a><\/p>\n<p><strong>Robo Dobrock\u00fd<\/strong><br \/>\nhlavn\u00fd pedag\u00f3g\/sprievodca skupiny V\u00e1\u017eok<\/p>\n<p style=\"text-align: justify;\">M\u00e1m r\u00e1d belas\u00e9 nebo, borovicov\u00e9 lesy, potulky po krajine a lopty v\u0161etk\u00e9ho druhu. Kedysi d\u00e1vno som vy\u0161tudoval dejiny filozofie a etiku. Po vysokej \u0161kole som pracoval osem rokov ako kn\u00edhkupec, dva roky som bol otcom na rodi\u010dovskej dovolenke a pred ned\u00e1vnom som dva roky pracoval na dvoch z\u00e1kladn\u00fdch \u0161kol\u00e1ch ako pedagogick\u00fd asistent. Tento rok som absolvoval dopl\u0148uj\u00face pedagogick\u00e9 \u0161t\u00fadium. Zauj\u00edmam sa o s\u00fa\u010dasn\u00e9 umenie, venujem sa dokument\u00e1rnej fotografii a m\u00e1m r\u00e1d rozhovory s bl\u00edzkymi aj vzdialen\u00fdmi \u013eu\u010fmi. Spolu so svojou \u017eenou vychov\u00e1vam tri deti v meste, ktor\u00e9 m\u00e1m r\u00e1d.<\/p>\n<p style=\"text-align: justify;\"><a href=\"http:\/\/www.atelierles.sk\/wp-content\/uploads\/2015\/05\/IMG_20210802_153504.jpg\" rel=\"attachment wp-att-8397\"><img loading=\"lazy\" decoding=\"async\" class=\"alignnone size-large wp-image-8397\" src=\"http:\/\/www.atelierles.sk\/wp-content\/uploads\/2015\/05\/IMG_20210802_153504-1024x768.jpg\" alt=\"IMG_20210802_153504\" width=\"702\" height=\"527\" srcset=\"https:\/\/www.atelierles.sk\/wp-content\/uploads\/2015\/05\/IMG_20210802_153504-1024x768.jpg 1024w, https:\/\/www.atelierles.sk\/wp-content\/uploads\/2015\/05\/IMG_20210802_153504-300x225.jpg 300w, https:\/\/www.atelierles.sk\/wp-content\/uploads\/2015\/05\/IMG_20210802_153504-768x576.jpg 768w\" sizes=\"auto, (max-width: 702px) 100vw, 702px\" \/><\/a><\/p>\n<p><strong>Annam\u00e1ria Hulinov\u00e1<\/strong><br \/>\nsprievodca v Lesnom klube<\/p>\n<div class=\"moz-text-html\" lang=\"x-unicode\">\n<div dir=\"auto\">\n<div dir=\"auto\" style=\"text-align: justify;\">U\u017e v \u010dasoch puberty ma bavilo tr\u00e1vi\u0165 \u010das s de\u0165mi. Vtedy som sa starala o mlad\u0161\u00edch s\u00farodencov alebo opatrovala deti u susedov. \u0160tudovala som v\u00fdtvarn\u00e9 umenie a pedagogiku. Na pr\u00e1ci s de\u0165mi ma najviac bav\u00ed ich spont\u00e1nnos\u0165, \u00faprimnos\u0165 a hravos\u0165. Deti vn\u00edmam ako ve\u013emi autentick\u00e9, farebn\u00e9 a z\u00e1bavn\u00e9 stvorenia, od ktor\u00fdch sa m\u00e1m aj ja st\u00e1le \u010do u\u010di\u0165.<\/div>\n<div dir=\"auto\" style=\"text-align: justify;\">\u010co by som im chcela uk\u00e1za\u0165, je moja l\u00e1ska k \u017eivotu a nad\u0161enie pre to, \u010do m\u00e1m rada.<\/div>\n<div dir=\"auto\" style=\"text-align: justify;\">Bav\u00ed ma v\u00fdtvarn\u00e9 umenie, tie\u017e sa venujem spevu a hre na ukulele, \u010do ve\u013emi rada zdie\u013eam v\u0161ade, kde chod\u00edm. Milujem pohyb, pr\u00edrodu, j\u00f3gu a tanec.<\/div>\n<div dir=\"auto\" style=\"text-align: justify;\">Vn\u00edmam, \u017ee pri pr\u00e1ci s de\u0165mi je tie\u017e d\u00f4le\u017eit\u00e9 dok\u00e1za\u0165 sa st\u00ed\u0161i\u0165 a n\u00e1js\u0165 svoj k\u013eud, pokoj.<\/div>\n<div dir=\"auto\" style=\"text-align: justify;\">Bav\u00ed ma komunik\u00e1cia s de\u0165mi, sk\u00famanie a anal\u00fdza ich postojov a reakci\u00ed, v \u010dom sa chcem aj na\u010falej vzdel\u00e1va\u0165 a r\u00e1s\u0165. Som v\u010fa\u010dn\u00e1 za pr\u00e1cu, ktor\u00fa rob\u00edm, ktor\u00e1 m\u00e1 nap\u013a\u0148a, pos\u00fava a motivuje.<\/div>\n<\/div>\n<\/div>\n<p><a href=\"http:\/\/www.atelierles.sk\/wp-content\/uploads\/2020\/08\/FB_IMG_1720172917676.jpg\" rel=\"attachment wp-att-8577\"><img loading=\"lazy\" decoding=\"async\" class=\"alignnone size-large wp-image-8577\" src=\"http:\/\/www.atelierles.sk\/wp-content\/uploads\/2020\/08\/FB_IMG_1720172917676-1024x683.jpg\" alt=\"FB_IMG_1720172917676\" width=\"702\" height=\"468\" srcset=\"https:\/\/www.atelierles.sk\/wp-content\/uploads\/2020\/08\/FB_IMG_1720172917676-1024x683.jpg 1024w, https:\/\/www.atelierles.sk\/wp-content\/uploads\/2020\/08\/FB_IMG_1720172917676-300x200.jpg 300w, https:\/\/www.atelierles.sk\/wp-content\/uploads\/2020\/08\/FB_IMG_1720172917676-768x512.jpg 768w, https:\/\/www.atelierles.sk\/wp-content\/uploads\/2020\/08\/FB_IMG_1720172917676.jpg 1080w\" sizes=\"auto, (max-width: 702px) 100vw, 702px\" \/><\/a><\/p>\n<p><strong>Viki Malinovsk\u00e1<\/strong><br \/>\nsprievodca v Lesnom klube<\/p>\n<p>Pr\u00e1ci s de\u0165mi som sa venovala nieko\u013eko rokov popri \u0161t\u00fadiu na konzervat\u00f3riu ako dobrovo\u013en\u00ed\u010dka so zameran\u00edm na deti z detsk\u00fdch domovov a deti so \u0161peci\u00e1lnymi potrebami. Tie ma nau\u010dili ve\u013ea o tom, \u017ee nie je jedna spr\u00e1vna rovnica, ktor\u00e1 sa d\u00e1 aplikova\u0165 na ka\u017ed\u00e9 die\u0165a. Preto vn\u00edmam d\u00f4le\u017eitos\u0165 nac\u00edtenia potrieb ka\u017ed\u00e9ho die\u0165a\u0165a a vytvori\u0165 im bezpe\u010dn\u00fd priestor na rozvoj individuality. Cez detsk\u00fd svet sa nech\u00e1vam in\u0161pirova\u0165 bezstarostnos\u0165ou, spont\u00e1nnos\u0165ou, bezprostrednos\u0165ou\u00a0a v\u010fa\u010dnos\u0165ou za ka\u017edodenn\u00e9 mali\u010dkosti. Prostredie lesa a pedagogick\u00e9 smery, z ktor\u00fdch Ateli\u00e9r LES \u010derp\u00e1 s\u00fa mi ve\u013emi bl\u00edzke. Lekv\u00e1rov\u00e9 \u00fasmevy od ucha k uchu, zablaten\u00e9 top\u00e1nky a sinky na kolen\u00e1ch mi do \u017eivota prin\u00e1\u0161aj\u00fa nenahradite\u013en\u00e9 k\u00fazlo.\u00a0Okrem toho \u017eijem pre chv\u00edle, ke\u010f \u017eivot st\u00edchne a len plynie, rada sa u\u010d\u00edm o sebe a o svete a bav\u00ed ma sa t\u00fala\u0165.<\/p>\n<p><a href=\"http:\/\/www.atelierles.sk\/wp-content\/uploads\/2026\/04\/IMG_8074.jpeg\"><img loading=\"lazy\" decoding=\"async\" class=\"alignnone size-large wp-image-8690\" src=\"http:\/\/www.atelierles.sk\/wp-content\/uploads\/2026\/04\/IMG_8074-768x1024.jpeg\" alt=\"\" width=\"702\" height=\"936\" srcset=\"https:\/\/www.atelierles.sk\/wp-content\/uploads\/2026\/04\/IMG_8074-768x1024.jpeg 768w, https:\/\/www.atelierles.sk\/wp-content\/uploads\/2026\/04\/IMG_8074-225x300.jpeg 225w, https:\/\/www.atelierles.sk\/wp-content\/uploads\/2026\/04\/IMG_8074.jpeg 937w\" sizes=\"auto, (max-width: 702px) 100vw, 702px\" \/><\/a><\/p>\n<p><strong>M\u00e1ria Kubas\u00e1kov\u00e1<\/strong><br \/>\nkoncep\u010dno pedagogick\u00fd tvorca &#8211; zastre\u0161enie Lesn\u00e9ho klubu Ateli\u00e9r LES, sprievodca v lesnom klube<\/p>\n<div>\n<p dir=\"ltr\" style=\"text-align: justify;\">M\u00e1m rada jarn\u00e9 slnko, ticho, hudbu, le\u017eanie na tr\u00e1ve, r\u00fddzi detsk\u00fd humor, h\u013eadanie tej spr\u00e1vnej mel\u00f3die, no\u010dn\u00fd les, zap\u00e1len\u00e9 debaty o v\u0161eli\u010dom, tanec a intenz\u00edvne \u017eivotn\u00e9 momenty, kedy sa zastav\u00ed \u010das a a\u017e \u201ebol\u00ed srdce\u201c z toho, \u010do n\u00e1m \u017eivot pon\u00faka. Mo\u017enos\u0165 u\u010di\u0165 sa. Te\u0161\u00ed ma vn\u00edma\u0165 pr\u00edrodu, zvierat\u00e1 a \u013eud\u00ed v ich plnom potenci\u00e1li. Pri de\u0165och to plat\u00ed \u00faplne. V Ateli\u00e9r LES som od jeho vzniku a za\u017eila som zatia\u013e v\u0161etky jeho podoby a rast. \u010co si na \u0148om cen\u00edm, je to \u010do vn\u00edmam ako jeho esenciu, hlbok\u00e1 t\u00fa\u017eba pretaven\u00e1 do ka\u017edodennej reality \u2013 da\u0165 mo\u017enos\u0165 de\u0165om za\u017ei\u0165 seba a svet v neskreslenej podobe, pln\u00fd z\u00e1\u017eitkov, vesel\u00fdch aj smutn\u00fdch, mo\u017enosti objavova\u0165 a BY\u0164. Dopria\u0165 im na to plnohodnotne prirodzen\u00e9 prostredie pr\u00edrody a l\u00e1skav\u00fd \u013eudsk\u00fd pr\u00edstup.<\/p>\n<p dir=\"ltr\" style=\"text-align: justify;\">V Lesnom klube sa \u010diasto\u010dne venujem sprev\u00e1dzaniu det\u00ed, v spojen\u00ed s tvorbou a tie\u017e zastre\u0161ujem chod klubu.<\/p>\n<p dir=\"ltr\" style=\"text-align: justify;\">V \u017dITO sa venujem de\u0165om na druhom stupni a v\u00fdtvarnej tvorbe.<\/p>\n<p dir=\"ltr\" style=\"text-align: justify;\">Som vy\u0161tudovan\u00e1 v\u00fdtvarn\u00ed\u010dka a architektka, m\u00e1m absolvovan\u00e9 pedagogick\u00e9 minimum, ukon\u010dila som \u0161tvorro\u010dn\u00e9 vzdel\u00e1vanie s terapeutick\u00fdm zameran\u00edm.<\/p>\n<p dir=\"ltr\" style=\"text-align: justify;\">Vediem v Ateli\u00e9r LES aj mimo kurzy pre dospel\u00fdch a pre deti, kde prep\u00e1jam v\u00fdtvarn\u00fa tvorbu s podporn\u00fdmi terapeutick\u00fdmi prvkami.<\/p>\n<p dir=\"ltr\" style=\"text-align: justify;\">Som mama 17 ro\u010dn\u00e9ho \u0160imona. Vo vo\u013enom \u010dase sa venujem vo\u013enej ma\u013ebe, grafike a p\u00edsaniu po\u00e9zie, tvorbe hudby a hraniu v kapele, posedeniam s priate\u013emi, dobrodru\u017en\u00e9mu cestovaniu \u2013 po na\u0161ej plan\u00e9te aj po in\u00fdch svetoch.<\/p>\n<\/div>\n<p><a href=\"http:\/\/www.atelierles.sk\/wp-content\/uploads\/2018\/03\/16143489_646745132163546_6785883500595251818_o.jpg\" rel=\"attachment wp-att-8057\"><img loading=\"lazy\" decoding=\"async\" class=\"alignnone size-large wp-image-8057\" src=\"http:\/\/www.atelierles.sk\/wp-content\/uploads\/2018\/03\/16143489_646745132163546_6785883500595251818_o-1024x683.jpg\" alt=\"16143489_646745132163546_6785883500595251818_o\" width=\"702\" height=\"468\" srcset=\"https:\/\/www.atelierles.sk\/wp-content\/uploads\/2018\/03\/16143489_646745132163546_6785883500595251818_o-1024x683.jpg 1024w, https:\/\/www.atelierles.sk\/wp-content\/uploads\/2018\/03\/16143489_646745132163546_6785883500595251818_o-300x200.jpg 300w, https:\/\/www.atelierles.sk\/wp-content\/uploads\/2018\/03\/16143489_646745132163546_6785883500595251818_o-768x512.jpg 768w, https:\/\/www.atelierles.sk\/wp-content\/uploads\/2018\/03\/16143489_646745132163546_6785883500595251818_o.jpg 1296w\" sizes=\"auto, (max-width: 702px) 100vw, 702px\" \/><\/a><\/p>\n","protected":false},"excerpt":{"rendered":"<p>Danka Ja\u0161kov\u00e1 hlavn\u00fd pedag\u00f3g\/sprievodca skupiny Volaviek &#8230;vy\u0161tudovala som Lie\u010debn\u00fa pedagogiku so zameran\u00edm na terapiu hrou, rodinn\u00fa terapiu a arteterapiu, v ktorej som sa \u010falej vzdel\u00e1vala i po\u010das postgradu\u00e1lneho \u0161t\u00fadia. Takmer 8 rokov som pracovala v Montessori \u0161kole, kde som z\u00edskala bohat\u00fa prax v oblasti alternat\u00edvnej pedagogiky, re\u0161pektuj\u00facej komunik\u00e1cie, individu\u00e1lneho pr\u00edstupu, n\u00e1zornosti, alebo tvoriv\u00e9ho a kritick\u00e9ho &hellip; <a href=\"https:\/\/www.atelierles.sk\/index.php\/ucitelia-v-lesnom-klube\/\" class=\"more-link\">Continue reading <span class=\"screen-reader-text\">Sprievodcovia v Lesnom klube<\/span><\/a><\/p>\n","protected":false},"author":2,"featured_media":0,"parent":0,"menu_order":0,"comment_status":"closed","ping_status":"closed","template":"","meta":{"footnotes":""},"class_list":["post-8253","page","type-page","status-publish","hentry"],"_links":{"self":[{"href":"https:\/\/www.atelierles.sk\/index.php\/wp-json\/wp\/v2\/pages\/8253","targetHints":{"allow":["GET"]}}],"collection":[{"href":"https:\/\/www.atelierles.sk\/index.php\/wp-json\/wp\/v2\/pages"}],"about":[{"href":"https:\/\/www.atelierles.sk\/index.php\/wp-json\/wp\/v2\/types\/page"}],"author":[{"embeddable":true,"href":"https:\/\/www.atelierles.sk\/index.php\/wp-json\/wp\/v2\/users\/2"}],"replies":[{"embeddable":true,"href":"https:\/\/www.atelierles.sk\/index.php\/wp-json\/wp\/v2\/comments?post=8253"}],"version-history":[{"count":10,"href":"https:\/\/www.atelierles.sk\/index.php\/wp-json\/wp\/v2\/pages\/8253\/revisions"}],"predecessor-version":[{"id":8692,"href":"https:\/\/www.atelierles.sk\/index.php\/wp-json\/wp\/v2\/pages\/8253\/revisions\/8692"}],"wp:attachment":[{"href":"https:\/\/www.atelierles.sk\/index.php\/wp-json\/wp\/v2\/media?parent=8253"}],"curies":[{"name":"wp","href":"https:\/\/api.w.org\/{rel}","templated":true}]}}