{"id":8257,"date":"2020-08-11T10:54:26","date_gmt":"2020-08-11T10:54:26","guid":{"rendered":"http:\/\/www.atelierles.sk\/?page_id=8257"},"modified":"2026-02-05T11:41:38","modified_gmt":"2026-02-05T10:41:38","slug":"ucitelia-v-zite","status":"publish","type":"page","link":"https:\/\/www.atelierles.sk\/index.php\/ucitelia-v-zite\/","title":{"rendered":"\u017diTo \u013eudia"},"content":{"rendered":"<p><a href=\"http:\/\/www.atelierles.sk\/wp-content\/uploads\/2020\/08\/IMG_1272.jpeg\" rel=\"attachment wp-att-8550\"><img loading=\"lazy\" decoding=\"async\" class=\"wp-image-8550 alignleft\" src=\"http:\/\/www.atelierles.sk\/wp-content\/uploads\/2020\/08\/IMG_1272.jpeg\" alt=\"IMG_1272\" width=\"328\" height=\"437\" \/><\/a> <strong><span style=\"font-family: Times New Roman, serif;\"><span style=\"font-family: Garamond, serif;\"><span lang=\"sk-SK\">Martina J\u00e1no\u0161\u00edkov\u00e1<\/span><\/span><\/span><\/strong><\/p>\n<p style=\"text-align: justify;\"><span style=\"font-family: Times New Roman, serif;\"><span style=\"font-family: Garamond, serif;\">M\u00e1m za sebou Vysok\u00fa \u0161kolu m\u00fazick\u00fdch umen\u00ed, The Central School of Speech and Drama, Emerson College, ale najviac som z\u00edskala od rozpr\u00e1va\u010dov z cel\u00e9ho sveta. Roia Gal_Or, Karmit Evenzur, od celej \u00fa\u017easnej party okolo Story-telling CZ, Umi Sinha, Philippa Kabali-Kagwa,&#8230; a od v\u0161etk\u00fdch in\u0161pirat\u00edvnych \u013eud\u00ed, ktor\u00fdch som stretla cez storytelling.<\/span><\/span><\/p>\n<p style=\"text-align: justify;\">\u200b<span style=\"font-family: Times New Roman, serif;\"><span style=\"font-family: Garamond, serif;\">Sama som akt\u00edvnou rozpr\u00e1va\u010dkou v spolku Pr\u00edbehom na stope, ktor\u00fd okrem in\u00e9ho organizuje rovnomenn\u00fd medzin\u00e1rodn\u00fd festival storytellingu v Bratislave. Od roky 2019 vediem rozpr\u00e1va\u010dsk\u00e9 kurzy Vo vlastnej \u0161\u0165ave, lektorujem dve skupiny \u2013 medzigenera\u010dn\u00fa Stanicu Z\u00e1hreb a v divadle Ticho a spol Storytelling v Tichu.<\/span><\/span><\/p>\n<p style=\"text-align: justify;\"><span style=\"font-family: Garamond, serif;\"><span lang=\"sk-SK\">V\u00a0\u017dite vediem dielne tvoriv\u00e9ho p\u00edsania, book club a\u00a0v\u00a0piatky sa s\u00a0de\u0165mi presk\u00famavame literat\u00faru z\u00a0r\u00f4znych uhlov.<\/span><\/span><\/p>\n<p><a href=\"http:\/\/www.atelierles.sk\/wp-content\/uploads\/2020\/08\/IMG_6921.jpeg\" rel=\"attachment wp-att-8551\"><img loading=\"lazy\" decoding=\"async\" class=\"wp-image-8551 alignright\" src=\"http:\/\/www.atelierles.sk\/wp-content\/uploads\/2020\/08\/IMG_6921.jpeg\" alt=\"IMG_6921\" width=\"380\" height=\"507\" \/><\/a> <strong>Bra\u0148o Barok<\/strong><\/p>\n<p style=\"text-align: justify;\"><span style=\"font-family: Garamond, serif;\"><span lang=\"sk-SK\">Moje \u0161t\u00fadium sa odohr\u00e1valo na \u0161portovom gymn\u00e1ziu a\u00a0n\u00e1sledne na pr\u00edrodovedeckej fakulte odbor geol\u00f3gia, 7 rokov som prev\u00e1dzkoval \u010dajov\u0148u vo Sv\u00e4tom Jure, 7 rokov som pracoval ako sprievodca v\u00a0lesnej \u0161k\u00f4lke Dom\u010dek lesn\u00ed\u010dek v\u00a0Limbachu. S\u00a0de\u0165mi pracujem vy\u0161e 20 rokov, zo \u0161k\u00f4lky som sa pozvolne presunul medzi deti puber\u0165\u00e1kov do projektu \u017diTo, \u010do ma ve\u013emi nap\u00ed\u0148a. Sprev\u00e1dzam ich biol\u00f3giou \u010dloveka, geografiou, geol\u00f3giou, matematikou, spoluorganizujem na\u0161e exped\u00edcie, okrem t\u00fdchto aktiv\u00edt, sprev\u00e1dzam skupinky dospel\u00e1kov po karpatskej divo\u010dine.<\/span><\/span><\/p>\n<p><span style=\"font-family: Garamond, serif;\"><span lang=\"sk-SK\"><a href=\"http:\/\/www.atelierles.sk\/wp-content\/uploads\/2020\/08\/IMG_5937.jpeg\" rel=\"attachment wp-att-8552\"><img loading=\"lazy\" decoding=\"async\" class=\"wp-image-8552 alignleft\" src=\"http:\/\/www.atelierles.sk\/wp-content\/uploads\/2020\/08\/IMG_5937.jpeg\" alt=\"IMG_5937\" width=\"447\" height=\"335\" srcset=\"https:\/\/www.atelierles.sk\/wp-content\/uploads\/2020\/08\/IMG_5937.jpeg 640w, https:\/\/www.atelierles.sk\/wp-content\/uploads\/2020\/08\/IMG_5937-300x225.jpeg 300w\" sizes=\"auto, (max-width: 447px) 100vw, 447px\" \/><\/a><strong>Andrej Breziansk\u00fd<\/strong><\/span><\/span><\/p>\n<p style=\"text-align: justify;\">Znie to zvl\u00e1\u0161tne a\u00a0\u00fa\u017easne z\u00e1rove\u0148 &#8211; napriek tomu, \u017ee som mal z\u00e1mer \u00eds\u0165 \u0161tudova\u0165 pedagogiku, \u017eivot to zariadil tak, \u017ee som magistrom filozofie. Mojou najv\u00e4\u010d\u0161ou z\u00e1\u013eubou v\u017edy bolo objavovanie z\u00e1kut\u00ed Zeme a\u00a0hist\u00f3ria t\u00fdchto miest. Po p\u00e4\u0165ro\u010dnom \u0161t\u00fadiu na univerzite som zistil, ako sa to u\u017e filozofom st\u00e1va &#8211; \u017ee viem, \u017ee ni\u010d neviem &#8211; a\u00a0rozhodol som sa by\u0165 u\u017eito\u010dn\u00fd v\u00a0oblasti ochrany pr\u00edrody. Po absolvovan\u00ed postgradu\u00e1lneho \u0161t\u00fadia Environmental Policy v\u00a0angli\u010dtine som v\u0161ak nebol nad\u0161en\u00fd pr\u00edli\u0161nou byrokraciou v\u00a0\u0161trukt\u00farach ochrany \u017eivotn\u00e9ho prostredia a\u00a0tak som \u0161iel programova\u0165 v\u00fd\u0161ivky pre \u0161ijacie stroje, kde som sa stal ved\u00faci v\u00fdroby a\u00a0pedagogicky som p\u00f4sobil na svoj t\u00edm jeden\u00e1stich \u017eien. Po \u010dase som nadobudol pocit, \u017ee je to pre m\u0148a pr\u00edli\u0161 statick\u00e9 a\u00a0tak som si vybral povolanie obchodn\u00e9ho cestuj\u00faceho. Z\u00e1padn\u00e9 Slovensko som spoznal do detailov, v jeden rok sa mi podarilo najazdi\u0165 viac ako jedenapolkr\u00e1t obvod Zeme.\u00a0Bol som odborn\u00edkom a\u00a0technick\u00fdm poradcom v\u00a0oblasti stavebn\u00fdch materi\u00e1lov. Po jeden\u00e1stich rokoch som zistil, \u017ee chcem s\u00a0pr\u00edrodou spoluna\u017e\u00edva\u0165 a\u00a0nie sa spolupodie\u013ea\u0165 na st\u00e1le nov\u00fdch a\u00a0nov\u00fdch stavebn\u00fdch pr\u00e1cach, \u010dasto na \u00fakor pr\u00edrody.<\/p>\n<p style=\"text-align: justify;\">Ke\u010f moja dc\u00e9ra vychodila lesn\u00fa \u0161k\u00f4lku v\u00a0Limbachu, rozhodol som sa zahodi\u0165 za hlavu \u00faspe\u0161n\u00fa kari\u00e9ru a \u0161iel som robi\u0165 do tej istej lesnej \u0161k\u00f4lky sprievodcu. Bol to \u00fa\u017easn\u00fd obrat \u2013 les prin\u00e1\u0161a pokoj, \u0161\u0165astie aj hlb\u0161ie poznanie. Tam som pochopil, \u017ee m\u00f4\u017eem meni\u0165 svet aj ako sprievodca a\u00a0u\u010dite\u013e. \u010eal\u0161ie dva roky som sprev\u00e1dzal deti a\u00a0vyu\u010doval v\u00a0s\u00fakromnej z\u00e1kladnej \u0161kole Greenwill.<\/p>\n<p style=\"text-align: justify;\">V\u00a0\u017diTe som od jeho zrodu a\u00a0ve\u013emi ma nap\u013a\u0148a priamy prienik pr\u00e1ce a\u00a0mojich kon\u00ed\u010dkov. U\u010d\u00edm prim\u00e1rne moju ob\u013e\u00faben\u00fa hist\u00f3riu a\u00a0slovensk\u00fd jazyk, odu\u010dil som niektor\u00e9 ro\u010dn\u00edky aj geografiu a\u00a0biol\u00f3giu. Bavia ma aj v\u0161etky na\u0161e \u201emimo\u0161kolsk\u00e9\u201c aktivity- v\u00fdlety a\u00a0exped\u00edcie. Je pre m\u0148a rados\u0165ou, naplnen\u00edm a\u00a0in\u0161pir\u00e1ciou spozn\u00e1va\u0165 svet o\u010dami det\u00ed.<\/p>\n<p><strong>M\u00e1ria Kubas\u00e1kov\u00e1 <a href=\"http:\/\/www.atelierles.sk\/wp-content\/uploads\/2020\/08\/IMG_1226.jpeg\" rel=\"attachment wp-att-8553\"><img loading=\"lazy\" decoding=\"async\" class=\"wp-image-8553 alignright\" src=\"http:\/\/www.atelierles.sk\/wp-content\/uploads\/2020\/08\/IMG_1226.jpeg\" alt=\"IMG_1226\" width=\"335\" height=\"447\" \/><\/a><br \/>\n<\/strong><\/p>\n<p style=\"text-align: justify;\"><span style=\"color: #3a4145;\"><span style=\"font-family: Garamond, serif;\">Som vy\u0161tudovan\u00e1 v\u00fdtvarn\u00ed\u010dka a architektka, m\u00e1m absolvovan\u00e9 pedagogick\u00e9 minimum, ukon\u010dila som \u0161tvorro\u010dn\u00e9 vzdel\u00e1vanie s terapeutick\u00fdm zameran\u00edm na \u0160kole empatie v Bratislave (PACE).\u00a0<\/span><\/span><\/p>\n<p style=\"text-align: justify;\"><span style=\"color: #3a4145;\"><span style=\"font-family: Garamond, serif;\">Vediem Lesn\u00fd klub Ateli\u00e9r LES, kde p\u00f4sob\u00edm \u010diasto\u010dne aj ako sprievodky\u0148a det\u00ed v pred\u0161kolskom veku.\u00a0<\/span><\/span><\/p>\n<p style=\"text-align: justify;\"><span style=\"color: #3a4145;\"><span style=\"font-family: Garamond, serif;\">V \u017d<\/span><\/span><span style=\"color: #3a4145;\"><span style=\"font-family: Garamond, serif;\"><span lang=\"sk-SK\">i<\/span><\/span><\/span><span style=\"color: #3a4145;\"><span style=\"font-family: Garamond, serif;\">To sa venujem spolu s de\u0165mi v\u00fdtvarnej tvorbe. Vek det\u00ed na druhom stupni je mi ve\u013emi bl\u00edzky, bav\u00ed ma ich r\u00fddzos\u0165, otvorenos\u0165 a t\u00e1 vz\u00e1cna premena z die\u0165a\u0165a na dospel\u00e9ho \u010dloveka. Som v\u010fa\u010dn\u00e1, \u017ee m\u00f4\u017eem spolu s nimi by\u0165 pri tom, ke\u010f touto premenou prech\u00e1dzaj\u00fa, zachyt\u00e1va\u0165 to a rozv\u00edja\u0165 ich potenci\u00e1l aj prostredn\u00edctvom v\u00fdtvarnej tvorby.\u00a0<\/span><\/span><\/p>\n<p style=\"text-align: justify;\"><span style=\"color: #3a4145;\"><span style=\"font-family: Garamond, serif;\">Vo vo\u013enom \u010dase sa venujem vo\u013enej ma\u013ebe, grafike a p\u00edsaniu po\u00e9zie, hraniu na klav\u00edr, posedeniam s priate\u013emi, dobrodru\u017en\u00e9mu cestovaniu \u2013 po na\u0161ej plan\u00e9te aj po in\u00fdch svetoch.<\/span><\/span><\/p>\n<p style=\"text-align: justify;\"><span style=\"color: #3a4145;\"><span style=\"font-family: Garamond, serif;\">Spolu s kamar\u00e1tkami sme zalo\u017eili hudobn\u00fa kapelu Kr\u00e1sne hr\u00e1me, spolo\u010dn\u00e1 tvorba a hranie ma nap\u013a\u0148a ve\u013ekou rados\u0165ou \ud83d\ude42\u00a0<\/span><\/span><\/p>\n<p><a href=\"http:\/\/www.atelierles.sk\/wp-content\/uploads\/2020\/08\/IMG_2720-2.jpeg\" rel=\"attachment wp-att-8554\"><img loading=\"lazy\" decoding=\"async\" class=\"wp-image-8554 alignleft\" src=\"http:\/\/www.atelierles.sk\/wp-content\/uploads\/2020\/08\/IMG_2720-2.jpeg\" alt=\"IMG_2720 2\" width=\"439\" height=\"329\" srcset=\"https:\/\/www.atelierles.sk\/wp-content\/uploads\/2020\/08\/IMG_2720-2.jpeg 640w, https:\/\/www.atelierles.sk\/wp-content\/uploads\/2020\/08\/IMG_2720-2-300x225.jpeg 300w\" sizes=\"auto, (max-width: 439px) 100vw, 439px\" \/><\/a> <strong>Alica Stodolovsk\u00e1 <\/strong><span style=\"color: #000000;\"><span style=\"font-family: Garamond, serif;\"><span lang=\"sk-SK\">zakladate\u013eka, koordin\u00e1torka (aj t\u00e1, \u010do um\u00fdva v\u00a0pondelky riad)<\/span><\/span><\/span><\/p>\n<p style=\"text-align: justify;\"><span style=\"font-family: Garamond, serif;\"><span lang=\"sk-SK\">Ja som Alica, \u00a0pred desiatimi rokmi som mala to \u0161\u0165astie a\u00a0vytvorila priestor pre vznik Lesn\u00e9ho klubu a\u00a0pred\u0161koly Ateli\u00e9ru Les. Hne\u010f p\u00e1r mesiacov nato sme preb\u00farali prie\u010dku deliacu 2 miestnosti v\u00a0podkrov\u00ed s\u00a0vierou, \u017ee budeme potrebova\u0165 viac miesta na \u0161kolu. Mali sme vtedy 2 \u017eia\u010dky v\u00a0prvom ro\u010dn\u00edku. Bola to odvaha, ale u\u017e v\u00a0septembri sme otvorili vzdel\u00e1vaciu skupinu: \u0160kolu slobodn\u00e9ho u\u010denia Ateli\u00e9r Les. T\u00e1 m\u00e1 dnes stabiln\u00fdch 30 miest a\u00a0skvel\u00fdch dospel\u00fdch okolo. Od 1.9.2025 je prv\u00fd stupe\u0148 v sieti \u0161k\u00f4l M\u0160.<\/span><\/span><\/p>\n<p style=\"text-align: justify;\"><span style=\"font-family: Garamond, serif;\"><span lang=\"sk-SK\">\u017diTo: vzdel\u00e1vacia a\u00a0expedi\u010dn\u00e1 skupina pre druhostupniarov je prirodzen\u00fdm d\u00f4kazom n\u00e1\u0161ho vz\u00e1jomn\u00e9ho spolo\u010dn\u00e9ho rastu. V \u017dite som koordin\u00e1torom a\u00a0t\u00fdm, \u010do dr\u017e\u00ed kurz, pl\u00e1nuje, vyv\u00edja nov\u00e9 a\u00a0udr\u017eiava to star\u00e9 a\u00a0dobr\u00e9. Sme v\u00a0Novej Cvernovke a\u00a0je to nemal\u00e1 pridan\u00e1 hodnota cel\u00e9ho projektu. Ve\u013ea ka\u017edodennej in\u0161pir\u00e1cie a\u00a0v\u00fdziev komunity s\u00fa n\u00e1m ve\u013ek\u00fdm u\u010den\u00edm. Za to \u010fakujem!<\/span><\/span><\/p>\n<p><a href=\"http:\/\/www.atelierles.sk\/wp-content\/uploads\/2020\/08\/image_1236502912.jpeg\" rel=\"attachment wp-att-8555\"><img loading=\"lazy\" decoding=\"async\" class=\"wp-image-8555 alignright\" src=\"http:\/\/www.atelierles.sk\/wp-content\/uploads\/2020\/08\/image_1236502912.jpeg\" alt=\"image_1236502912\" width=\"424\" height=\"318\" srcset=\"https:\/\/www.atelierles.sk\/wp-content\/uploads\/2020\/08\/image_1236502912.jpeg 640w, https:\/\/www.atelierles.sk\/wp-content\/uploads\/2020\/08\/image_1236502912-300x225.jpeg 300w\" sizes=\"auto, (max-width: 424px) 100vw, 424px\" \/><\/a> <strong>Zuzka Sirotn\u00e1<\/strong><\/p>\n<p style=\"text-align: justify;\"><span style=\"color: #000000;\"><span style=\"font-family: Garamond, serif;\">V\u017edy ma bavili cudzie jazyky, cestovanie, pr\u00edroda a umenie. Ako \u017eiakovi 8 ro\u010dn\u00fdch bilingv\u00e1lnych gymn\u00e1zi\u00ed mi bolo umo\u017enen\u00e9 nav\u0161tevova\u0165 \u0161koly na Slovensku, v Rak\u00fasku aj v Turecku, kde sa mi podarilo spozna\u0165 r\u00f4zne vzdel\u00e1vacie syst\u00e9my. Nesk\u00f4r moje \u0161t\u00fadi\u00e1 pokra\u010dovali na univerzite vo Viedni, so zameran\u00edm na holandsk\u00fd jazyk a na Slovensku pod veden\u00edm Jaroslavy \u0160ickovej-Fabrici aj \u0161t\u00fadiom arteterapie. Moja sprievodcovsk\u00e1 kari\u00e9ra za\u010dala 4 rokmi v montessori materskej \u0161kole a skrz lesn\u00e9 kluby pokra\u010dovala a\u017e do Ateli\u00e9ru Les, odtia\u013e to bolo do \u017diTa u\u017e len na skok.\u00a0<\/span><\/span><\/p>\n<p style=\"text-align: justify;\"><span style=\"color: #000000;\"><span style=\"font-family: Garamond, serif;\">V \u017diTe<\/span><\/span> <span style=\"color: #000000;\"><span style=\"font-family: Garamond, serif;\">u\u010d\u00edm naprie\u010d v\u0161etk\u00fdmi ro\u010dn\u00edkmi <\/span><\/span><span style=\"font-family: Garamond, serif;\"><span style=\"color: #000000;\">predov\u0161etk\u00fdm\u00a0<\/span><\/span><span style=\"color: #000000;\"><span style=\"font-family: Garamond, serif;\"><span lang=\"sk-SK\">a<\/span><\/span><\/span><span style=\"color: #000000;\"><span style=\"font-family: Garamond, serif;\">nglick\u00fd jazyk, star\u0161ie ro\u010dn\u00edky ob\u010das aj <\/span><\/span><span style=\"color: #000000;\"><span style=\"font-family: Garamond, serif;\"><span lang=\"sk-SK\">n<\/span><\/span><\/span><span style=\"color: #000000;\"><span style=\"font-family: Garamond, serif;\">emeck\u00fd. Okrem toho rob\u00edm ka\u017edoro\u010dne hlavn\u00e9ho sprievodcu nov\u00fdm piatakom, ktor\u00fdch u\u010d\u00edm aj pr\u00edrodn\u00e9 vedy. Do \u017diTa chod\u00edm v sprievode psieho par\u0165\u00e1ka Huga.\u00a0<\/span><\/span><\/p>\n<p><a href=\"http:\/\/www.atelierles.sk\/wp-content\/uploads\/2020\/08\/img_2_1708524813676.jpeg\" rel=\"attachment wp-att-8557\"><img loading=\"lazy\" decoding=\"async\" class=\" wp-image-8557 alignleft\" src=\"http:\/\/www.atelierles.sk\/wp-content\/uploads\/2020\/08\/img_2_1708524813676.jpeg\" alt=\"img_2_1708524813676\" width=\"353\" height=\"353\" srcset=\"https:\/\/www.atelierles.sk\/wp-content\/uploads\/2020\/08\/img_2_1708524813676.jpeg 480w, https:\/\/www.atelierles.sk\/wp-content\/uploads\/2020\/08\/img_2_1708524813676-150x150.jpeg 150w, https:\/\/www.atelierles.sk\/wp-content\/uploads\/2020\/08\/img_2_1708524813676-300x300.jpeg 300w\" sizes=\"auto, (max-width: 353px) 100vw, 353px\" \/><\/a><strong>Lukas Steis<\/strong><\/p>\n<p style=\"text-align: justify;\"><span style=\"color: #000000;\"><span style=\"font-family: Garamond, serif;\">Vy\u0161tudoval som Cudzie jazyky a interkult\u00farnu komunik\u00e1ciu na Ekonomickej univerzite v Bratislave, no u\u017e po\u010das \u0161t\u00fadia ma za\u010dala viac pri\u0165ahova\u0165 v\u00fdu\u010dba. Od po\u010diato\u010dn\u00fdch pl\u00e1nov vedie\u0165 v\u0161etko vysvetli\u0165 \u010do najlep\u0161ie, najr\u00fdchlej\u0161ie a najzauj\u00edmavej\u0161ie som upustil a do popredia sa pre m\u0148a dostal \u017eiak ako \u00fa\u010dastn\u00edk komunik\u00e1cie. \u010co potrebuje? Ako to potrebuje? Pre\u010do kon\u00e1 tak, ako kon\u00e1? Kurzy z oblasti z\u00e1kladov systemick\u00fdch kon\u0161tel\u00e1ci\u00ed a OdHanbovania, absolvovanie \u0161kolenia ako in\u0161truktor z\u00e1\u017eitkovej pedagogiky a v neposlednom rade aj celo\u017eivotn\u00e1 sk\u00fasenos\u0165 ako star\u0161\u00ed brat piatich s\u00farodencov, mi umo\u017e\u0148uj\u00fa vytv\u00e1ra\u0165 priestor, v ktorom nejde \u010disto o zvl\u00e1dnutie a zrecyklovanie u\u010diva, ale o to, ak\u00fd ka\u017ed\u00fd \u017eiak a \u017eia\u010dka je, ke\u010f s rados\u0165ou alebo v odpore \u010del\u00ed v\u00fdzve dan\u00e9ho d\u0148a.<\/span><\/span><\/p>\n<p style=\"text-align: justify;\"><span style=\"color: #000000;\"><span style=\"font-family: Garamond, serif;\">V \u017di<\/span><\/span><span style=\"color: #000000;\"><span style=\"font-family: Garamond, serif;\"><span lang=\"sk-SK\">T<\/span><\/span><\/span><span style=\"color: #000000;\"><span style=\"font-family: Garamond, serif;\">e sa venujem v\u00fdu\u010dbe matematiky, anglick\u00e9ho jazyka, fyziky a ch\u00e9mie a taktie\u017e pripravujem \u017eiakov na prij\u00edmacie sk\u00fa\u0161ky na stredn\u00e9 \u0161koly.\u00a0<\/span><\/span><\/p>\n","protected":false},"excerpt":{"rendered":"<p>Martina J\u00e1no\u0161\u00edkov\u00e1 M\u00e1m za sebou Vysok\u00fa \u0161kolu m\u00fazick\u00fdch umen\u00ed, The Central School of Speech and Drama, Emerson College, ale najviac som z\u00edskala od rozpr\u00e1va\u010dov z cel\u00e9ho sveta. Roia Gal_Or, Karmit Evenzur, od celej \u00fa\u017easnej party okolo Story-telling CZ, Umi Sinha, Philippa Kabali-Kagwa,&#8230; a od v\u0161etk\u00fdch in\u0161pirat\u00edvnych \u013eud\u00ed, ktor\u00fdch som stretla cez storytelling. \u200bSama som akt\u00edvnou &hellip; <a href=\"https:\/\/www.atelierles.sk\/index.php\/ucitelia-v-zite\/\" class=\"more-link\">Continue reading <span class=\"screen-reader-text\">\u017diTo \u013eudia<\/span><\/a><\/p>\n","protected":false},"author":2,"featured_media":0,"parent":0,"menu_order":0,"comment_status":"closed","ping_status":"closed","template":"","meta":{"footnotes":""},"class_list":["post-8257","page","type-page","status-publish","hentry"],"_links":{"self":[{"href":"https:\/\/www.atelierles.sk\/index.php\/wp-json\/wp\/v2\/pages\/8257","targetHints":{"allow":["GET"]}}],"collection":[{"href":"https:\/\/www.atelierles.sk\/index.php\/wp-json\/wp\/v2\/pages"}],"about":[{"href":"https:\/\/www.atelierles.sk\/index.php\/wp-json\/wp\/v2\/types\/page"}],"author":[{"embeddable":true,"href":"https:\/\/www.atelierles.sk\/index.php\/wp-json\/wp\/v2\/users\/2"}],"replies":[{"embeddable":true,"href":"https:\/\/www.atelierles.sk\/index.php\/wp-json\/wp\/v2\/comments?post=8257"}],"version-history":[{"count":6,"href":"https:\/\/www.atelierles.sk\/index.php\/wp-json\/wp\/v2\/pages\/8257\/revisions"}],"predecessor-version":[{"id":8646,"href":"https:\/\/www.atelierles.sk\/index.php\/wp-json\/wp\/v2\/pages\/8257\/revisions\/8646"}],"wp:attachment":[{"href":"https:\/\/www.atelierles.sk\/index.php\/wp-json\/wp\/v2\/media?parent=8257"}],"curies":[{"name":"wp","href":"https:\/\/api.w.org\/{rel}","templated":true}]}}